{"id":1356,"date":"2024-03-16T18:42:02","date_gmt":"2024-03-16T17:42:02","guid":{"rendered":"https:\/\/fete-des-guides.ch\/?page_id=1356"},"modified":"2026-04-08T09:48:38","modified_gmt":"2026-04-08T07:48:38","slug":"accueil","status":"publish","type":"page","link":"https:\/\/fete-des-guides.ch\/de\/","title":{"rendered":"Accueil"},"content":{"rendered":"<div id='av_section_1'  class='avia-section av-5u91m4-dd9dc419cbf1e750d0aaf9b76dc0c62a main_color avia-section-default avia-no-border-styling  avia-builder-el-0  el_before_av_button  avia-builder-el-first  avia-bg-style-fixed container_wrap sidebar_right'  ><div class='container av-section-cont-open' ><main  role=\"main\" itemprop=\"mainContentOfPage\"  class='template-page content  av-content-small alpha units'><div class='post-entry post-entry-type-page post-entry-1356'><div class='entry-content-wrapper clearfix'>\n<div  class='flex_column av-az1q4-34db9e3d38eaef7e13cbfea8245ffc4d av_one_half  avia-builder-el-1  el_before_av_one_half  avia-builder-el-first  first flex_column_div  '     ><style type=\"text\/css\" data-created_by=\"avia_inline_auto\" id=\"style-css-av-m4pzh1r1-0daa0f619f0ac5a99f4706cb48a38ecc\">\n.avia-image-container.av-m4pzh1r1-0daa0f619f0ac5a99f4706cb48a38ecc img.avia_image{\nbox-shadow:none;\n}\n.avia-image-container.av-m4pzh1r1-0daa0f619f0ac5a99f4706cb48a38ecc .av-image-caption-overlay-center{\ncolor:#ffffff;\n}\n<\/style>\n<div  class='avia-image-container av-m4pzh1r1-0daa0f619f0ac5a99f4706cb48a38ecc av-styling- avia-align-center  avia-builder-el-2  avia-builder-el-no-sibling '   itemprop=\"image\" itemscope=\"itemscope\" itemtype=\"https:\/\/schema.org\/ImageObject\" ><div class=\"avia-image-container-inner\"><div class=\"avia-image-overlay-wrap\"><img decoding=\"async\" fetchpriority=\"high\" class='wp-image-2717 avia-img-lazy-loading-not-2717 avia_image ' src=\"https:\/\/fete-des-guides.ch\/wp-content\/uploads\/affiche-fete-des-guides.png\" alt='' title='affiche fete des guides'  height=\"1127\" width=\"795\"  itemprop=\"thumbnailUrl\" srcset=\"https:\/\/fete-des-guides.ch\/wp-content\/uploads\/affiche-fete-des-guides.png 795w, https:\/\/fete-des-guides.ch\/wp-content\/uploads\/affiche-fete-des-guides-212x300.png 212w, https:\/\/fete-des-guides.ch\/wp-content\/uploads\/affiche-fete-des-guides-727x1030.png 727w, https:\/\/fete-des-guides.ch\/wp-content\/uploads\/affiche-fete-des-guides-768x1089.png 768w, https:\/\/fete-des-guides.ch\/wp-content\/uploads\/affiche-fete-des-guides-497x705.png 497w\" sizes=\"(max-width: 795px) 100vw, 795px\" \/><\/div><\/div><\/div><\/div><div  class='flex_column av-2xsr8s-a2d77a542b18bb5e3c73a92d7e4323e2 av_one_half  avia-builder-el-3  el_after_av_one_half  avia-builder-el-last  flex_column_div  '     ><section  class='av_textblock_section av-ltqz3ovi-bafcddf8fa982d4f41e15c82bd18d1ca '   itemscope=\"itemscope\" itemtype=\"https:\/\/schema.org\/CreativeWork\" ><div class='avia_textblock'  itemprop=\"text\" ><h1>Kantonales Bergf\u00fchrerfest 2026<\/h1>\n<div>\n<p data-start=\"35\" data-end=\"322\">Am 13. und 14. Juni \u00f6ffnet Evol\u00e8ne weit seine Tore, um das 63. Walliser Kantonale Bergf\u00fchrerfest zu begr\u00fcssen. Gemeinsam mit seinen Bergf\u00fchrern und der Bev\u00f6lkerung w\u00fcrdigt das Dorf einen symboltr\u00e4chtigen Beruf der Alpen, der tief in der Geschichte und Identit\u00e4t der Region verankert ist.<\/p>\n<p data-start=\"324\" data-end=\"579\">Der Samstag steht ganz im Zeichen der Begegnung und des Austauschs: Filmvorf\u00fchrungen, Gespr\u00e4che mit den Bergf\u00fchrern und ein musikalischer Abend sorgen im Bergf\u00fchrerzelt f\u00fcr gesellige Momente. Verschiedene Verpflegungsst\u00e4nde stehen ebenfalls zur Verf\u00fcgung.<\/p>\n<p data-start=\"581\" data-end=\"1076\">Der Sonntag geh\u00f6rt ganz der Tradition. Die Messe wird im Park der Dent-Blanche gefeiert, gefolgt von der Segnung der Seile und Eispickel. Anschliessend zieht ein Umzug durch die Dorfstrasse und stellt die Walliser Bergf\u00fchrer gemeinsam mit Folkloregruppen in den Mittelpunkt. Nach dem Bankett bildet die Ehrung der Jubil\u00e4ums-Bergf\u00fchrer und der Ehreng\u00e4ste den feierlichen Abschluss dieses H\u00f6hepunkts, der ganz im Zeichen der Weitergabe, des Respekts vor den Traditionen und des Miteinanders steht.<\/p>\n<p data-start=\"1078\" data-end=\"1237\">Dieses Fest bietet eine einzigartige Gelegenheit, in die Welt der Bergf\u00fchrer einzutauchen und einen authentischen Moment im Herzen des Val d\u2019H\u00e9rens zu erleben.<\/p>\n<p data-start=\"1239\" data-end=\"1262\">Willkommen in Evol\u00e8ne !<\/p>\n<\/div>\n<div><\/div>\n<\/div><\/section><\/div>\n<\/div><\/div><\/main><!-- close content main element --><\/div><\/div><div id='after_section_1'  class='main_color av_default_container_wrap container_wrap sidebar_right'  ><div class='container av-section-cont-open' ><div class='template-page content  av-content-small alpha units'><div class='post-entry post-entry-type-page post-entry-1356'><div class='entry-content-wrapper clearfix'>\n<div  class='avia-button-wrap av-mn7la7pc-a65a7e69dc875db3209dca97d674c830-wrap avia-button-center  avia-builder-el-5  el_after_av_section  el_before_av_section  avia-builder-el-no-sibling '><a href='https:\/\/fete-des-guides.ch\/de\/programm\/'  class='avia-button av-mn7la7pc-a65a7e69dc875db3209dca97d674c830 avia-icon_select-yes-left-icon avia-size-large avia-position-center avia-color-theme-color'  ><span class='avia_button_icon avia_button_icon_left' aria-hidden='true' data-av_icon='\ue84b' data-av_iconfont='entypo-fontello'><\/span><span class='avia_iconbox_title' >Programm<\/span><\/a><\/div>\n<\/div><\/div><\/div><!-- close content main div --><\/div><\/div>\n<style type=\"text\/css\" data-created_by=\"avia_inline_auto\" id=\"style-css-av-lttz7o5u-23c2860e1549ffd11acaf3002a846e1b\">\n.avia-section.av-lttz7o5u-23c2860e1549ffd11acaf3002a846e1b{\nbackground-color:#edae44;\nbackground-image:unset;\n}\n<\/style>\n<div id='sponsors'  class='avia-section av-lttz7o5u-23c2860e1549ffd11acaf3002a846e1b alternate_color avia-section-default avia-no-border-styling  avia-builder-el-6  el_after_av_button  avia-builder-el-last  avia-bg-style-scroll container_wrap sidebar_right'  ><div class='container av-section-cont-open' ><div class='template-page content  av-content-small alpha units'><div class='post-entry post-entry-type-page post-entry-1356'><div class='entry-content-wrapper clearfix'>\n<section  class='av_textblock_section av-ltu0swr1-732631813daa2d8f3e0b8758848b0fe7 '   itemscope=\"itemscope\" itemtype=\"https:\/\/schema.org\/CreativeWork\" ><div class='avia_textblock'  itemprop=\"text\" ><h3 style=\"text-align: center;\">Anmeldung zum offiziellen Bankett<\/h3>\n<\/div><\/section>\n<div  class='avia-button-wrap avia-button-center  avia-builder-el-8  el_after_av_textblock  avia-builder-el-last '>\n<style type=\"text\/css\" data-created_by=\"avia_inline_auto\" id=\"style-css-av-mnojhqa6-c2a1eba98e0850e124876a101a2084bf\">\n#top #wrap_all .avia-button.av-mnojhqa6-c2a1eba98e0850e124876a101a2084bf:hover{\ncolor:white;\ntransition:all 0.4s ease-in-out;\n}\n<\/style>\n<a href='https:\/\/www.evolene-region.ch\/de\/kantonale-bergfuhrerfeste-fp50997' class='avia-color-orange avia-font-color-theme-color avia-button avia-button-fullwidth av-mnojhqa6-c2a1eba98e0850e124876a101a2084bf avia-icon_select-yes-left-icon avia-color-orange'  ><span class='avia_button_icon avia_button_icon_left' aria-hidden='true' data-av_icon='\ue86c' data-av_iconfont='entypo-fontello'><\/span><span class='avia_iconbox_title' >Link zur Anmeldung<\/span><span class='avia_button_background avia-button avia-button-fullwidth avia-color-theme-color-highlight'><\/span><\/a><\/div>\n<\/div><\/div><\/div><!-- close content main div --><\/div><\/div><div id='after_section_2'  class='main_color av_default_container_wrap container_wrap sidebar_right'  ><div class='container av-section-cont-open' ><div class='template-page content  av-content-small alpha units'><div class='post-entry post-entry-type-page post-entry-1356'><div class='entry-content-wrapper clearfix'>\n","protected":false},"excerpt":{"rendered":"","protected":false},"author":2,"featured_media":0,"parent":0,"menu_order":7,"comment_status":"closed","ping_status":"closed","template":"","meta":{"footnotes":""},"class_list":["post-1356","page","type-page","status-publish","hentry"],"yoast_head":"<!-- This site is optimized with the Yoast SEO plugin v27.4 - https:\/\/yoast.com\/product\/yoast-seo-wordpress\/ -->\n<title>Accueil - Walliser Bergf\u00fchrerfest<\/title>\n<meta name=\"robots\" content=\"index, follow, max-snippet:-1, max-image-preview:large, max-video-preview:-1\" \/>\n<link rel=\"canonical\" href=\"https:\/\/fete-des-guides.ch\/de\/\" \/>\n<meta name=\"twitter:card\" content=\"summary_large_image\" \/>\n<meta name=\"twitter:title\" content=\"Accueil - Walliser Bergf\u00fchrerfest\" \/>\n<meta name=\"twitter:label1\" content=\"Gesch\u00e4tzte Lesezeit\" \/>\n\t<meta name=\"twitter:data1\" content=\"2\u00a0Minuten\" \/>\n<script type=\"application\/ld+json\" class=\"yoast-schema-graph\">{\"@context\":\"https:\\\/\\\/schema.org\",\"@graph\":[{\"@type\":\"WebPage\",\"@id\":\"https:\\\/\\\/fete-des-guides.ch\\\/de\\\/\",\"url\":\"https:\\\/\\\/fete-des-guides.ch\\\/de\\\/\",\"name\":\"Accueil - Walliser Bergf\u00fchrerfest\",\"isPartOf\":{\"@id\":\"https:\\\/\\\/fete-des-guides.ch\\\/de\\\/#website\"},\"datePublished\":\"2024-03-16T17:42:02+00:00\",\"dateModified\":\"2026-04-08T07:48:38+00:00\",\"breadcrumb\":{\"@id\":\"https:\\\/\\\/fete-des-guides.ch\\\/de\\\/#breadcrumb\"},\"inLanguage\":\"de\",\"potentialAction\":[{\"@type\":\"ReadAction\",\"target\":[\"https:\\\/\\\/fete-des-guides.ch\\\/de\\\/\"]}]},{\"@type\":\"BreadcrumbList\",\"@id\":\"https:\\\/\\\/fete-des-guides.ch\\\/de\\\/#breadcrumb\",\"itemListElement\":[{\"@type\":\"ListItem\",\"position\":1,\"name\":\"Startseite\",\"item\":\"https:\\\/\\\/fete-des-guides.ch\\\/de\\\/accueil\\\/\"},{\"@type\":\"ListItem\",\"position\":2,\"name\":\"Accueil\"}]},{\"@type\":\"WebSite\",\"@id\":\"https:\\\/\\\/fete-des-guides.ch\\\/de\\\/#website\",\"url\":\"https:\\\/\\\/fete-des-guides.ch\\\/de\\\/\",\"name\":\"Kantonales Walliser Bergf\u00fchrerfest\",\"description\":\"F\u00eate cantonale des guides du Valais\",\"publisher\":{\"@id\":\"https:\\\/\\\/fete-des-guides.ch\\\/de\\\/#organization\"},\"potentialAction\":[{\"@type\":\"SearchAction\",\"target\":{\"@type\":\"EntryPoint\",\"urlTemplate\":\"https:\\\/\\\/fete-des-guides.ch\\\/de\\\/?s={search_term_string}\"},\"query-input\":{\"@type\":\"PropertyValueSpecification\",\"valueRequired\":true,\"valueName\":\"search_term_string\"}}],\"inLanguage\":\"de\"},{\"@type\":\"Organization\",\"@id\":\"https:\\\/\\\/fete-des-guides.ch\\\/de\\\/#organization\",\"name\":\"Kantonales Walliser Bergf\u00fchrerfest\",\"url\":\"https:\\\/\\\/fete-des-guides.ch\\\/de\\\/\",\"logo\":{\"@type\":\"ImageObject\",\"inLanguage\":\"de\",\"@id\":\"https:\\\/\\\/fete-des-guides.ch\\\/de\\\/#\\\/schema\\\/logo\\\/image\\\/\",\"url\":\"https:\\\/\\\/fete-des-guides.ch\\\/wp-content\\\/uploads\\\/2024\\\/03\\\/logo-fetes-de-guides-de-fr.svg\",\"contentUrl\":\"https:\\\/\\\/fete-des-guides.ch\\\/wp-content\\\/uploads\\\/2024\\\/03\\\/logo-fetes-de-guides-de-fr.svg\",\"width\":1,\"height\":1,\"caption\":\"Kantonales Walliser Bergf\u00fchrerfest\"},\"image\":{\"@id\":\"https:\\\/\\\/fete-des-guides.ch\\\/de\\\/#\\\/schema\\\/logo\\\/image\\\/\"}}]}<\/script>\n<!-- \/ Yoast SEO plugin. -->","yoast_head_json":{"title":"Accueil - Walliser Bergf\u00fchrerfest","robots":{"index":"index","follow":"follow","max-snippet":"max-snippet:-1","max-image-preview":"max-image-preview:large","max-video-preview":"max-video-preview:-1"},"canonical":"https:\/\/fete-des-guides.ch\/de\/","twitter_card":"summary_large_image","twitter_title":"Accueil - Walliser Bergf\u00fchrerfest","twitter_misc":{"Gesch\u00e4tzte Lesezeit":"2\u00a0Minuten"},"schema":{"@context":"https:\/\/schema.org","@graph":[{"@type":"WebPage","@id":"https:\/\/fete-des-guides.ch\/de\/","url":"https:\/\/fete-des-guides.ch\/de\/","name":"Accueil - Walliser Bergf\u00fchrerfest","isPartOf":{"@id":"https:\/\/fete-des-guides.ch\/de\/#website"},"datePublished":"2024-03-16T17:42:02+00:00","dateModified":"2026-04-08T07:48:38+00:00","breadcrumb":{"@id":"https:\/\/fete-des-guides.ch\/de\/#breadcrumb"},"inLanguage":"de","potentialAction":[{"@type":"ReadAction","target":["https:\/\/fete-des-guides.ch\/de\/"]}]},{"@type":"BreadcrumbList","@id":"https:\/\/fete-des-guides.ch\/de\/#breadcrumb","itemListElement":[{"@type":"ListItem","position":1,"name":"Startseite","item":"https:\/\/fete-des-guides.ch\/de\/accueil\/"},{"@type":"ListItem","position":2,"name":"Accueil"}]},{"@type":"WebSite","@id":"https:\/\/fete-des-guides.ch\/de\/#website","url":"https:\/\/fete-des-guides.ch\/de\/","name":"Kantonales Walliser Bergf\u00fchrerfest","description":"F\u00eate cantonale des guides du Valais","publisher":{"@id":"https:\/\/fete-des-guides.ch\/de\/#organization"},"potentialAction":[{"@type":"SearchAction","target":{"@type":"EntryPoint","urlTemplate":"https:\/\/fete-des-guides.ch\/de\/?s={search_term_string}"},"query-input":{"@type":"PropertyValueSpecification","valueRequired":true,"valueName":"search_term_string"}}],"inLanguage":"de"},{"@type":"Organization","@id":"https:\/\/fete-des-guides.ch\/de\/#organization","name":"Kantonales Walliser Bergf\u00fchrerfest","url":"https:\/\/fete-des-guides.ch\/de\/","logo":{"@type":"ImageObject","inLanguage":"de","@id":"https:\/\/fete-des-guides.ch\/de\/#\/schema\/logo\/image\/","url":"https:\/\/fete-des-guides.ch\/wp-content\/uploads\/2024\/03\/logo-fetes-de-guides-de-fr.svg","contentUrl":"https:\/\/fete-des-guides.ch\/wp-content\/uploads\/2024\/03\/logo-fetes-de-guides-de-fr.svg","width":1,"height":1,"caption":"Kantonales Walliser Bergf\u00fchrerfest"},"image":{"@id":"https:\/\/fete-des-guides.ch\/de\/#\/schema\/logo\/image\/"}}]}},"_links":{"self":[{"href":"https:\/\/fete-des-guides.ch\/de\/wp-json\/wp\/v2\/pages\/1356","targetHints":{"allow":["GET"]}}],"collection":[{"href":"https:\/\/fete-des-guides.ch\/de\/wp-json\/wp\/v2\/pages"}],"about":[{"href":"https:\/\/fete-des-guides.ch\/de\/wp-json\/wp\/v2\/types\/page"}],"author":[{"embeddable":true,"href":"https:\/\/fete-des-guides.ch\/de\/wp-json\/wp\/v2\/users\/2"}],"replies":[{"embeddable":true,"href":"https:\/\/fete-des-guides.ch\/de\/wp-json\/wp\/v2\/comments?post=1356"}],"version-history":[{"count":70,"href":"https:\/\/fete-des-guides.ch\/de\/wp-json\/wp\/v2\/pages\/1356\/revisions"}],"predecessor-version":[{"id":2851,"href":"https:\/\/fete-des-guides.ch\/de\/wp-json\/wp\/v2\/pages\/1356\/revisions\/2851"}],"wp:attachment":[{"href":"https:\/\/fete-des-guides.ch\/de\/wp-json\/wp\/v2\/media?parent=1356"}],"curies":[{"name":"wp","href":"https:\/\/api.w.org\/{rel}","templated":true}]}}