{"id":748,"date":"2024-03-06T21:38:04","date_gmt":"2024-03-06T20:38:04","guid":{"rendered":"https:\/\/fete-des-guides.ch\/?page_id=748"},"modified":"2024-03-16T16:14:31","modified_gmt":"2024-03-16T15:14:31","slug":"datenschutz","status":"publish","type":"page","link":"https:\/\/fete-des-guides.ch\/de\/datenschutz\/","title":{"rendered":"Datenschutz"},"content":{"rendered":"<section  class='av_textblock_section av-lto6kd9x-e9649b36bd4597fc72300c61f3cac13e '   itemscope=\"itemscope\" itemtype=\"https:\/\/schema.org\/CreativeWork\" ><div class='avia_textblock'  itemprop=\"text\" ><h1>Datenschutz<\/h1>\n<\/div><\/section>\n<section  class='av_textblock_section av-lto7nxgi-4e38d3de4b7e242a23e1fe61f8655e3c '   itemscope=\"itemscope\" itemtype=\"https:\/\/schema.org\/CreativeWork\" ><div class='avia_textblock'  itemprop=\"text\" ><p>Gem\u00e4\u00df den Bestimmungen des schweizerischen Bundesgesetzes \u00fcber den Datenschutz (DSG) sowie der EU-Datenschutz-Grundverordnung (DSGVO) sind wir dazu verpflichtet, Ihre pers\u00f6nlichen Daten transparent und sicher zu verarbeiten. Ihre Privatsph\u00e4re ist f\u00fcr uns von h\u00f6chster Bedeutung, und wir ergreifen alle angemessenen Ma\u00dfnahmen, um sicherzustellen, dass Ihre Daten gesch\u00fctzt sind.<\/p>\n<\/div><\/section>\n<div  class='togglecontainer av-lto6oujd-03c09f9768afd4b1c03140e93e13c8ef  avia-builder-el-2  el_after_av_textblock  avia-builder-el-last ' >\n<section class='av_toggle_section av-lto6l6zl-9a74cfab23d7c5f8525c7023cdba9b84'  itemscope=\"itemscope\" itemtype=\"https:\/\/schema.org\/CreativeWork\" ><div role=\"tablist\" class=\"single_toggle\" data-tags=\"{Alle} \"  ><p data-fake-id='#toggle-id-1' class='toggler   '  itemprop=\"headline\"  role='tab' tabindex='0' aria-controls='toggle-id-1'>A. Informationen \u00fcber die Erhebung personenbezogener Daten<span class=\"toggle_icon\"><span class=\"vert_icon\"><\/span><span class=\"hor_icon\"><\/span><\/span><\/p><div id='toggle-id-1' class='toggle_wrap  '  ><div class='toggle_content invers-color '  itemprop=\"text\" ><p><strong>1. Geltungsbereich<\/strong><\/p>\n<p>Diese Erkl\u00e4rung gilt f\u00fcr die unter https:\/\/fete-des-guides.ch oder https:\/\/bergfuehrerfest.ch abrufbaren Internetseiten. Bitte beachten Sie, dass unter https:\/\/fete-des-guides.ch sowie https:\/\/bergfuehrerfest.ch auf weitere Internetseiten verwiesen werden kann, f\u00fcr welche abweichende Datenschutzregeln gelten k\u00f6nnen.<\/p>\n<p><strong>2. Verantwortlicher<\/strong><\/p>\n<p>Walliser Bergf\u00fchrerverband<br \/>\nLionel Corboz<br \/>\n<a href=\"tel:+41796799311\">+41 796 79 93 11<\/a><br \/>\n<a href=\"mailto:info@wbv-avgm.ch\">info@wbv-avgm.ch<\/a><\/p>\n<p><strong>3. Weitergabe von Daten an Dritte<br \/>\n<\/strong><\/p>\n<p><strong>Grundsatz<\/strong><\/p>\n<p>Wir sind unter Umst\u00e4nden darauf angewiesen, die Dienste Dritter oder von verbundenen Unternehmen in Anspruch zu nehmen und sie mit der Bearbeitung Ihrer Daten zu beauftragen. Wir stellen vertraglich sicher, dass Dritte und verbundene Unternehmen die Voraussetzungen des Datenschutzes einhalten. Unter Umst\u00e4nden sind wir auch verpflichtet, Ihre Daten an Beh\u00f6rden bekanntzugeben. Wir geben Ihre personenbezogenen Daten nur dann weiter, wenn:<\/p>\n<ul>\n<li>Sie eingewilligt haben;<\/li>\n<li>dies zur Vertragserf\u00fcllung oder Durchf\u00fchrung vorvertraglicher Massnahmen sowie zur Durchsetzung unserer Rechte notwendig ist;<\/li>\n<li>eine gesetzliche Verpflichtung dazu besteht;<\/li>\n<li>wir daran ein berechtigtes Interesse haben und Ihre gegenteiligen Interessen nicht \u00fcberwiegen.<\/li>\n<\/ul>\n<p><strong>Weitergabe ins Ausland<\/strong><\/p>\n<p>Unter Umst\u00e4nden kann es im Rahmen der Auftragsverarbeitung zu \u00dcbermittlung Ihrer personenbezogenen Daten an Unternehmen im Ausland kommen. Diese Unternehmen sind im gleichen Umfang zum Datenschutz verpflichtet, wie wir selber. Die \u00dcbermittlung kann weltweit stattfinden. Entspricht das Datenschutzniveau nicht demjenigen des EWR-Raums, so nehmen wir eine vorg\u00e4ngige Risikoeinsch\u00e4tzung vor und stellen vertraglich sicher, dass der gleiche Schutz wie im EWR-Raum garantiert wird (bspw. mittels der neuen Standardvertragsklauseln der EU-Kommission oder anderen, gesetzlich vorgegebenen Massnahmen). Sollte unsere Risikoeinsch\u00e4tzung negativ ausfallen, ergreifen wir zus\u00e4tzliche technische Massnahmen zum Schutz Ihrer Daten.<\/p>\n<\/div><\/div><\/div><\/section>\n<section class='av_toggle_section av-lto6lp0t-36df0659a044553f278feffcd37105db'  itemscope=\"itemscope\" itemtype=\"https:\/\/schema.org\/CreativeWork\" ><div role=\"tablist\" class=\"single_toggle\" data-tags=\"{Alle} \"  ><p data-fake-id='#toggle-id-2' class='toggler   '  itemprop=\"headline\"  role='tab' tabindex='0' aria-controls='toggle-id-2'>B. Datenverarbeitung<span class=\"toggle_icon\"><span class=\"vert_icon\"><\/span><span class=\"hor_icon\"><\/span><\/span><\/p><div id='toggle-id-2' class='toggle_wrap  '  ><div class='toggle_content invers-color '  itemprop=\"text\" ><p><strong>1. Allgemeine Datenverarbeitung beim Besuch unserer Webseite<\/strong><\/p>\n<p>Bei der blo\u00df informatorischen Nutzung der Website, also wenn Sie uns nicht anderweitig Informationen \u00fcbermitteln, erheben wir nur die personenbezogenen Daten, die Ihr Browser an unseren Server \u00fcbermittelt. Bei der Speicherung dieser Daten findet keine Zuordnung zu einer bestimmten Person statt. Wenn Sie unsere Website betrachten, erheben wir die folgenden Daten, die f\u00fcr uns technisch erforderlich sind, um Ihnen unsere Website anzuzeigen und die Stabilit\u00e4t und Sicherheit zu gew\u00e4hrleisten:<\/p>\n<ul>\n<li>IP Adresse<\/li>\n<li>Datum und Uhrzeit der Anfrage<\/li>\n<li>Zeitzonendifferenz zur Greenwich Mean Time (GMT) Zeitzone<\/li>\n<li>Inhalt der Anforderung (konkrete Seite)<\/li>\n<li>Zugriffsstatus\/http-Statuscode<\/li>\n<li>Jeweils \u00fcbertragene Datenmenge<\/li>\n<li>Webseite, von der die Anforderung kommt<\/li>\n<li>Browser (inkl. Sprache und Version)<\/li>\n<li>Betriebssystem und Version der Browsersoftware.<\/li>\n<\/ul>\n<p><strong>2. Kontakt per Email<\/strong><\/p>\n<p>Bei Ihrer Kontaktaufnahme mit uns per Email werden wir die von Ihnen mitgeteilten Daten (Ihre E-Mail-Adresse, ggf. Ihr Name und Ihre Telefonnummer) von uns gespeichert, um Termine zu Vereinbaren oder Ihre Fragen zu beantworten. Die in diesem Zusammenhang anfallenden Daten l\u00f6schen wir, nachdem die Speicherung nicht mehr erforderlich ist, oder schr\u00e4nken die Verarbeitung ein, falls gesetzliche Aufbewahrungspflichten bestehen.<\/p>\n<p><strong>3. Cookies<\/strong><\/p>\n<p>Zus\u00e4tzlich zu den zuvor genannten Daten werden bei Ihrer Nutzung unserer Websiten Cookies auf Ihrem Rechner gespeichert. Bei Cookies handelt es sich um kleine Textdateien, die auf Ihrer Festplatte dem von Ihnen verwendeten Browser zugeordnet gespeichert werden und durch welche der Stelle, die den Cookie setzt (hier durch uns), bestimmte Informationen zuflie\u00dfen. Cookies k\u00f6nnen keine Programme ausf\u00fchren oder Viren auf Ihren Computer \u00fcbertragen. Sie dienen dazu, das Internetangebot insgesamt nutzerfreundlicher und effektiver zu machen.<\/p>\n<p>Unsere Website nutzt folgende Arten von Cookies, deren Umfang und Funktionsweise im Folgenden erl\u00e4utert werden:<\/p>\n<p>\u2013 Transiente Cookies (dazu unten 3.1)<\/p>\n<p>\u2013 Persistente Cookies (dazu unten 3.2).<\/p>\n<p>3.1 Transiente Cookies<\/p>\n<p>Transiente Cookies werden automatisiert gel\u00f6scht, wenn Sie den Browser schlie\u00dfen. Dazu z\u00e4hlen insbesondere die Session-Cookies. Diese speichern eine sogenannte Session-ID, mit welcher sich verschiedene Anfragen Ihres Browsers der gemeinsamen Sitzung zuordnen lassen. Dadurch kann Ihr Rechner wiedererkannt werden, wenn Sie auf unsere Website zur\u00fcckkehren. Die Session-Cookies werden gel\u00f6scht, wenn Sie sich ausloggen oder den Browser schlie\u00dfen.<\/p>\n<p>3.2 Persistente Cookies<\/p>\n<p>Persistente Cookies werden automatisiert nach einer vorgegebenen Dauer gel\u00f6scht, die sich je nach Cookie unterscheiden kann. Sie k\u00f6nnen die Cookies in den Sicherheitseinstellungen Ihres Browsers jederzeit l\u00f6schen.<\/p>\n<p>3.3 Cookie Einstellung<\/p>\n<p>Sie k\u00f6nnen Ihre Browser-Einstellung entsprechend Ihren W\u00fcnschen konfigurieren und z.\u2009B. die Annahme von Third-Party-Cookies oder allen Cookies ablehnen. Wir weisen Sie darauf hin, dass Sie eventuell nicht alle Funktionen dieser Website nutzen k\u00f6nnen.<\/p>\n<\/div><\/div><\/div><\/section>\n<section class='av_toggle_section av-lto6mifo-79c1bc25ce0dcad31d3d399ab71db20d'  itemscope=\"itemscope\" itemtype=\"https:\/\/schema.org\/CreativeWork\" ><div role=\"tablist\" class=\"single_toggle\" data-tags=\"{Alle} \"  ><p data-fake-id='#toggle-id-3' class='toggler   '  itemprop=\"headline\"  role='tab' tabindex='0' aria-controls='toggle-id-3'>C. Ihre Rechte<span class=\"toggle_icon\"><span class=\"vert_icon\"><\/span><span class=\"hor_icon\"><\/span><\/span><\/p><div id='toggle-id-3' class='toggle_wrap  '  ><div class='toggle_content invers-color '  itemprop=\"text\" ><p>Sie haben das Recht, jederzeit Ihre Einwilligung zur Verwendung Ihrer personenbezogenen Daten zu widerrufen und Auskunft \u00fcber alle Ihre bei uns gespeicherten personenbezogenen Daten zu erhalten, diese zu \u00fcberpr\u00fcfen, gegebenenfalls berichtigen, sperren oder l\u00f6schen zu lassen. Wenden Sie sich hierzu an die verantwortliche Stelle (Kontaktdaten siehe A. 2.).<\/p>\n<p>Eine L\u00f6schung kann nur dann nicht erfolgen, wenn wir zur Aufbewahrung Ihrer personenbezogenen Daten gesetzlich verpflichtet sind. In diesem Fall erfolgt eine Sperrung der Daten.<\/p>\n<\/div><\/div><\/div><\/section>\n<section class='av_toggle_section av-lto6nvkj-40a80d3c5f295803ac8b2fca9ee5e7e6'  itemscope=\"itemscope\" itemtype=\"https:\/\/schema.org\/CreativeWork\" ><div role=\"tablist\" class=\"single_toggle\" data-tags=\"{Alle} \"  ><p data-fake-id='#toggle-id-4' class='toggler   '  itemprop=\"headline\"  role='tab' tabindex='0' aria-controls='toggle-id-4'>D. \u00c4nderungsvorbehalt<span class=\"toggle_icon\"><span class=\"vert_icon\"><\/span><span class=\"hor_icon\"><\/span><\/span><\/p><div id='toggle-id-4' class='toggle_wrap  '  ><div class='toggle_content invers-color '  itemprop=\"text\" ><p>Wir behalten uns das Recht vor, diese Erkl\u00e4rung jederzeit zu \u00e4ndern. Sie begr\u00fcndet keine vertraglichen Rechte.<\/p>\n<p><strong>Stand: M\u00e4rz 2024<\/strong><\/p>\n<\/div><\/div><\/div><\/section>\n<\/div>\n","protected":false},"excerpt":{"rendered":"","protected":false},"author":2,"featured_media":0,"parent":0,"menu_order":20,"comment_status":"closed","ping_status":"closed","template":"","meta":{"footnotes":""},"class_list":["post-748","page","type-page","status-publish","hentry"],"yoast_head":"<!-- This site is optimized with the Yoast SEO plugin v27.4 - https:\/\/yoast.com\/product\/yoast-seo-wordpress\/ -->\n<title>Datenschutz - Walliser Bergf\u00fchrerfest<\/title>\n<meta name=\"robots\" content=\"index, follow, max-snippet:-1, max-image-preview:large, max-video-preview:-1\" \/>\n<link rel=\"canonical\" href=\"https:\/\/fete-des-guides.ch\/de\/datenschutz\/\" \/>\n<meta name=\"twitter:card\" content=\"summary_large_image\" \/>\n<meta name=\"twitter:title\" content=\"Datenschutz - Walliser Bergf\u00fchrerfest\" \/>\n<meta name=\"twitter:label1\" content=\"Gesch\u00e4tzte Lesezeit\" \/>\n\t<meta name=\"twitter:data1\" content=\"6\u00a0Minuten\" \/>\n<script type=\"application\/ld+json\" class=\"yoast-schema-graph\">{\"@context\":\"https:\\\/\\\/schema.org\",\"@graph\":[{\"@type\":\"WebPage\",\"@id\":\"https:\\\/\\\/fete-des-guides.ch\\\/de\\\/datenschutz\\\/\",\"url\":\"https:\\\/\\\/fete-des-guides.ch\\\/de\\\/datenschutz\\\/\",\"name\":\"Datenschutz - Walliser Bergf\u00fchrerfest\",\"isPartOf\":{\"@id\":\"https:\\\/\\\/fete-des-guides.ch\\\/de\\\/#website\"},\"datePublished\":\"2024-03-06T20:38:04+00:00\",\"dateModified\":\"2024-03-16T15:14:31+00:00\",\"breadcrumb\":{\"@id\":\"https:\\\/\\\/fete-des-guides.ch\\\/de\\\/datenschutz\\\/#breadcrumb\"},\"inLanguage\":\"de\",\"potentialAction\":[{\"@type\":\"ReadAction\",\"target\":[\"https:\\\/\\\/fete-des-guides.ch\\\/de\\\/datenschutz\\\/\"]}]},{\"@type\":\"BreadcrumbList\",\"@id\":\"https:\\\/\\\/fete-des-guides.ch\\\/de\\\/datenschutz\\\/#breadcrumb\",\"itemListElement\":[{\"@type\":\"ListItem\",\"position\":1,\"name\":\"Startseite\",\"item\":\"https:\\\/\\\/fete-des-guides.ch\\\/de\\\/accueil\\\/\"},{\"@type\":\"ListItem\",\"position\":2,\"name\":\"Datenschutz\"}]},{\"@type\":\"WebSite\",\"@id\":\"https:\\\/\\\/fete-des-guides.ch\\\/de\\\/#website\",\"url\":\"https:\\\/\\\/fete-des-guides.ch\\\/de\\\/\",\"name\":\"Kantonales Walliser Bergf\u00fchrerfest\",\"description\":\"F\u00eate cantonale des guides du Valais\",\"publisher\":{\"@id\":\"https:\\\/\\\/fete-des-guides.ch\\\/de\\\/#organization\"},\"potentialAction\":[{\"@type\":\"SearchAction\",\"target\":{\"@type\":\"EntryPoint\",\"urlTemplate\":\"https:\\\/\\\/fete-des-guides.ch\\\/de\\\/?s={search_term_string}\"},\"query-input\":{\"@type\":\"PropertyValueSpecification\",\"valueRequired\":true,\"valueName\":\"search_term_string\"}}],\"inLanguage\":\"de\"},{\"@type\":\"Organization\",\"@id\":\"https:\\\/\\\/fete-des-guides.ch\\\/de\\\/#organization\",\"name\":\"Kantonales Walliser Bergf\u00fchrerfest\",\"url\":\"https:\\\/\\\/fete-des-guides.ch\\\/de\\\/\",\"logo\":{\"@type\":\"ImageObject\",\"inLanguage\":\"de\",\"@id\":\"https:\\\/\\\/fete-des-guides.ch\\\/de\\\/#\\\/schema\\\/logo\\\/image\\\/\",\"url\":\"https:\\\/\\\/fete-des-guides.ch\\\/wp-content\\\/uploads\\\/2024\\\/03\\\/logo-fetes-de-guides-de-fr.svg\",\"contentUrl\":\"https:\\\/\\\/fete-des-guides.ch\\\/wp-content\\\/uploads\\\/2024\\\/03\\\/logo-fetes-de-guides-de-fr.svg\",\"width\":1,\"height\":1,\"caption\":\"Kantonales Walliser Bergf\u00fchrerfest\"},\"image\":{\"@id\":\"https:\\\/\\\/fete-des-guides.ch\\\/de\\\/#\\\/schema\\\/logo\\\/image\\\/\"}}]}<\/script>\n<!-- \/ Yoast SEO plugin. -->","yoast_head_json":{"title":"Datenschutz - Walliser Bergf\u00fchrerfest","robots":{"index":"index","follow":"follow","max-snippet":"max-snippet:-1","max-image-preview":"max-image-preview:large","max-video-preview":"max-video-preview:-1"},"canonical":"https:\/\/fete-des-guides.ch\/de\/datenschutz\/","twitter_card":"summary_large_image","twitter_title":"Datenschutz - Walliser Bergf\u00fchrerfest","twitter_misc":{"Gesch\u00e4tzte Lesezeit":"6\u00a0Minuten"},"schema":{"@context":"https:\/\/schema.org","@graph":[{"@type":"WebPage","@id":"https:\/\/fete-des-guides.ch\/de\/datenschutz\/","url":"https:\/\/fete-des-guides.ch\/de\/datenschutz\/","name":"Datenschutz - Walliser Bergf\u00fchrerfest","isPartOf":{"@id":"https:\/\/fete-des-guides.ch\/de\/#website"},"datePublished":"2024-03-06T20:38:04+00:00","dateModified":"2024-03-16T15:14:31+00:00","breadcrumb":{"@id":"https:\/\/fete-des-guides.ch\/de\/datenschutz\/#breadcrumb"},"inLanguage":"de","potentialAction":[{"@type":"ReadAction","target":["https:\/\/fete-des-guides.ch\/de\/datenschutz\/"]}]},{"@type":"BreadcrumbList","@id":"https:\/\/fete-des-guides.ch\/de\/datenschutz\/#breadcrumb","itemListElement":[{"@type":"ListItem","position":1,"name":"Startseite","item":"https:\/\/fete-des-guides.ch\/de\/accueil\/"},{"@type":"ListItem","position":2,"name":"Datenschutz"}]},{"@type":"WebSite","@id":"https:\/\/fete-des-guides.ch\/de\/#website","url":"https:\/\/fete-des-guides.ch\/de\/","name":"Kantonales Walliser Bergf\u00fchrerfest","description":"F\u00eate cantonale des guides du Valais","publisher":{"@id":"https:\/\/fete-des-guides.ch\/de\/#organization"},"potentialAction":[{"@type":"SearchAction","target":{"@type":"EntryPoint","urlTemplate":"https:\/\/fete-des-guides.ch\/de\/?s={search_term_string}"},"query-input":{"@type":"PropertyValueSpecification","valueRequired":true,"valueName":"search_term_string"}}],"inLanguage":"de"},{"@type":"Organization","@id":"https:\/\/fete-des-guides.ch\/de\/#organization","name":"Kantonales Walliser Bergf\u00fchrerfest","url":"https:\/\/fete-des-guides.ch\/de\/","logo":{"@type":"ImageObject","inLanguage":"de","@id":"https:\/\/fete-des-guides.ch\/de\/#\/schema\/logo\/image\/","url":"https:\/\/fete-des-guides.ch\/wp-content\/uploads\/2024\/03\/logo-fetes-de-guides-de-fr.svg","contentUrl":"https:\/\/fete-des-guides.ch\/wp-content\/uploads\/2024\/03\/logo-fetes-de-guides-de-fr.svg","width":1,"height":1,"caption":"Kantonales Walliser Bergf\u00fchrerfest"},"image":{"@id":"https:\/\/fete-des-guides.ch\/de\/#\/schema\/logo\/image\/"}}]}},"_links":{"self":[{"href":"https:\/\/fete-des-guides.ch\/de\/wp-json\/wp\/v2\/pages\/748","targetHints":{"allow":["GET"]}}],"collection":[{"href":"https:\/\/fete-des-guides.ch\/de\/wp-json\/wp\/v2\/pages"}],"about":[{"href":"https:\/\/fete-des-guides.ch\/de\/wp-json\/wp\/v2\/types\/page"}],"author":[{"embeddable":true,"href":"https:\/\/fete-des-guides.ch\/de\/wp-json\/wp\/v2\/users\/2"}],"replies":[{"embeddable":true,"href":"https:\/\/fete-des-guides.ch\/de\/wp-json\/wp\/v2\/comments?post=748"}],"version-history":[{"count":10,"href":"https:\/\/fete-des-guides.ch\/de\/wp-json\/wp\/v2\/pages\/748\/revisions"}],"predecessor-version":[{"id":1259,"href":"https:\/\/fete-des-guides.ch\/de\/wp-json\/wp\/v2\/pages\/748\/revisions\/1259"}],"wp:attachment":[{"href":"https:\/\/fete-des-guides.ch\/de\/wp-json\/wp\/v2\/media?parent=748"}],"curies":[{"name":"wp","href":"https:\/\/api.w.org\/{rel}","templated":true}]}}